{"id":29682,"date":"2025-06-16T12:38:33","date_gmt":"2025-06-16T12:38:33","guid":{"rendered":"https:\/\/prometall.de\/?page_id=29682"},"modified":"2025-06-16T13:00:34","modified_gmt":"2025-06-16T13:00:34","slug":"datenschutzerklaerung","status":"publish","type":"page","link":"https:\/\/prometall.de\/index.php\/datenschutzerklaerung\/","title":{"rendered":"Datenschutzerkl\u00e4rung"},"content":{"rendered":"\t\t<div data-elementor-type=\"wp-page\" data-elementor-id=\"29682\" class=\"elementor elementor-29682\">\n\t\t\t\t\r\n\t\t<div class=\"default no-position show_shadow rs-sticky-default elementor-element elementor-element-52a86e0 e-flex e-con-boxed e-con e-parent\" data-id=\"52a86e0\" data-element_type=\"container\">\n\t\t\t\t\t<div class=\"e-con-inner\">\n\t\t\r\n\t\t<div class=\"default no-position show_shadow rs-sticky-default elementor-element elementor-element-4c6cee7 e-flex e-con-boxed e-con e-child\" data-id=\"4c6cee7\" data-element_type=\"container\">\n\t\t\t\t\t<div class=\"e-con-inner\">\n\t\t\r\n\t\t\t\t<div class=\"elementor-element elementor-element-f5e25f1 elementor-widget elementor-widget-text-editor\" data-id=\"f5e25f1\" data-element_type=\"widget\" data-widget_type=\"text-editor.default\">\n\t\t\t\t<div class=\"elementor-widget-container\">\n\t\t\t\t\t\t\t\t\t<div class=\"elementor-element elementor-element-6db2e2fd elementor-widget elementor-widget-heading\" data-id=\"6db2e2fd\" data-element_type=\"widget\" data-widget_type=\"heading.default\"><div class=\"elementor-widget-container\"><h5 class=\"elementor-heading-title elementor-size-default\">Stand 15.05.2025<\/h5><p>\u00a0<\/p><\/div><\/div><div class=\"elementor-element elementor-element-784ab450 elementor-widget elementor-widget-heading\" data-id=\"784ab450\" data-element_type=\"widget\" data-widget_type=\"heading.default\"><div class=\"elementor-widget-container\"><h2 class=\"elementor-heading-title elementor-size-default\">Datenschutz auf einen Blick<\/h2><\/div><\/div>\t\t\t\t\t\t\t\t<\/div>\n\t\t\t\t<\/div>\n\t\t\t\t\t<\/div>\n\t\t\t\t<\/div>\n\t\t\r\n\t\t<div class=\"default no-position show_shadow rs-sticky-default elementor-element elementor-element-f5da0d2 e-con-full e-flex e-con e-child\" data-id=\"f5da0d2\" data-element_type=\"container\">\n\t\t\r\n\t\t\t\t<div class=\"elementor-element elementor-element-6745d47 elementor-widget elementor-widget-text-editor\" data-id=\"6745d47\" data-element_type=\"widget\" data-widget_type=\"text-editor.default\">\n\t\t\t\t<div class=\"elementor-widget-container\">\n\t\t\t\t\t\t\t\t\t<section class=\"elementor-section elementor-top-section elementor-element elementor-element-3e95188a elementor-section-boxed elementor-section-height-default elementor-section-height-default\" data-id=\"3e95188a\" data-element_type=\"section\"><div class=\"elementor-container elementor-column-gap-default\"><div class=\"elementor-column elementor-col-100 elementor-top-column elementor-element elementor-element-287dfb00\" data-id=\"287dfb00\" data-element_type=\"column\"><div class=\"elementor-widget-wrap elementor-element-populated\"><section class=\"elementor-section elementor-inner-section elementor-element elementor-element-13026f39 elementor-section-boxed elementor-section-height-default elementor-section-height-default\" data-id=\"13026f39\" data-element_type=\"section\"><div class=\"elementor-container elementor-column-gap-default\"><div class=\"elementor-column elementor-col-100 elementor-inner-column elementor-element elementor-element-31369ce0\" data-id=\"31369ce0\" data-element_type=\"column\"><div class=\"elementor-widget-wrap elementor-element-populated\"><div class=\"elementor-element elementor-element-e0de27a elementor-widget elementor-widget-text-editor\" data-id=\"e0de27a\" data-element_type=\"widget\" data-widget_type=\"text-editor.default\"><div class=\"elementor-widget-container\"><p>Wir freuen uns sehr \u00fcber Ihr Interesse an unserem Unternehmen. Datenschutz hat einen besonders hohen Stellenwert f\u00fcr die Gesch\u00e4ftsleitung der Pro Metall Blechverarbeitung GmbH (Im folgenden Pro Metall). Eine Nutzung der Internetseiten der Pro Metall ist grunds\u00e4tzlich ohne jede Angabe personenbezogener Daten m\u00f6glich. Sofern eine betroffene Person besondere Services unseres Unternehmens \u00fcber unsere Internetseite in Anspruch nehmen m\u00f6chte, k\u00f6nnte jedoch eine Verarbeitung personenbezogener Daten erforderlich werden. Ist die Verarbeitung personenbezogener Daten erforderlich und besteht f\u00fcr eine solche Verarbeitung keine gesetzliche Grundlage, holen wir generell eine Einwilligung der betroffenen Person ein.<\/p><p>Die Verarbeitung personenbezogener Daten, beispielsweise des Namens, der Anschrift, E-Mail-Adresse oder Telefonnummer einer betroffenen Person, erfolgt stets im Einklang mit der Datenschutz-Grundverordnung und in \u00dcbereinstimmung mit den f\u00fcr die Pro Metall geltenden landesspezifischen Datenschutzbestimmungen. Mittels dieser Datenschutzerkl\u00e4rung m\u00f6chte unser Unternehmen die \u00d6ffentlichkeit \u00fcber Art, Umfang und Zweck der von uns erhobenen, genutzten und verarbeiteten personenbezogenen Daten informieren. Ferner werden betroffene Personen mittels dieser Datenschutzerkl\u00e4rung \u00fcber die ihnen zustehenden Rechte aufgekl\u00e4rt.<\/p><\/div><div class=\"elementor-element elementor-element-930d070 elementor-widget elementor-widget-litho-heading\" data-id=\"930d070\" data-element_type=\"widget\" data-widget_type=\"litho-heading.default\"><div class=\"elementor-widget-container\"><h2 class=\"litho-heading elementor-size-default\"><span class=\"litho-primary-title\">Begriffsbestimmungen<\/span><\/h2><\/div><\/div><div class=\"elementor-element elementor-element-4d578a6 elementor-widget elementor-widget-text-editor\" data-id=\"4d578a6\" data-element_type=\"widget\" data-widget_type=\"text-editor.default\"><div class=\"elementor-widget-container\"><p>Die Datenschutzerkl\u00e4rung der Pro Metall soll f\u00fcr unsere Kunden und Gesch\u00e4ftspartner verst\u00e4ndlich sein und alle darin verwendeten Begriffe sollen erkl\u00e4rt sein. Die Begriffe entstammen der Datenschutz-Grundverordnung (DS-GVO), welche vom europ\u00e4ischen Richtlinien- und Verordnungsgeber beim Erlass verwendet wurden. Nachfolgend haben wir alle verwendeten Begrifflichkeiten erkl\u00e4rt.<\/p><p>Wir verwenden in dieser Datenschutzerkl\u00e4rung unter anderem die folgenden Begriffe:<\/p><\/div><\/div><div class=\"elementor-element elementor-element-4aead64 elementor-widget elementor-widget-text-editor\" data-id=\"4aead64\" data-element_type=\"widget\" data-widget_type=\"text-editor.default\"><div class=\"elementor-widget-container\"><p><strong>a) personenbezogene Daten<\/strong><\/p><p>Personenbezogene Daten sind alle Informationen, die sich auf eine identifizierte oder identifizierbare nat\u00fcrliche Person (im Folgenden \u201ebetroffene Person\u201c) beziehen. Als identifizierbar wird eine nat\u00fcrliche Person angesehen, die direkt oder indirekt, insbesondere mittels Zuordnung zu einer Kennung wie einem Namen, zu einer Kennnummer, zu Standortdaten, zu einer Online-Kennung oder zu einem oder mehreren besonderen Merkmalen, die Ausdruck der physischen, physiologischen, genetischen, psychischen, wirtschaftlichen, kulturellen oder sozialen Identit\u00e4t dieser nat\u00fcrlichen Person sind, identifiziert werden kann.<\/p><p><strong>b) betroffene Person<\/strong><\/p><p>Betroffene Person ist jede identifizierte oder identifizierbare nat\u00fcrliche Person, deren personenbezogene Daten von dem f\u00fcr die Verarbeitung Verantwortlichen verarbeitet werden.<\/p><p>\u00a0<\/p><p><strong>C) Verarbeitung<\/strong><\/p><p>\u201eVerarbeitung\u201c stellt jeder Vorgang im Zusammenhang mit personenbezogenen Daten dar, der mit oder ohne Hilfe automatisierter Verfahren durchgef\u00fchrt wird. Dazu geh\u00f6ren das Erheben, das Erfassen, die Organisation, das Ordnen, die Speicherung, die Anpassung oder Ver\u00e4nderung, das Auslesen, das Abfragen, die Verwendung, die Offenlegung durch \u00dcbermittlung, Verbreitung oder eine andere Form der Bereitstellung, den Abgleich oder die Verkn\u00fcpfung, die Einschr\u00e4nkung, das L\u00f6schen oder die Vernichtung von personenbezogenen Daten.<\/p><p>\u00a0<\/p><p><strong>d) Einschr\u00e4nkung der Verarbeitung<\/strong><\/p><p>Einschr\u00e4nkung der Verarbeitung ist die Markierung gespeicherter personenbezogener Daten mit dem Ziel, ihre k\u00fcnftige Verarbeitung einzuschr\u00e4nken.<\/p><p>\u00a0<\/p><p><strong>e)\u00a0<\/strong><strong>Profiling<\/strong><\/p><p>Zu Profiling geh\u00f6rt jede Art der automatisierten Verarbeitung personenbezogener Daten, die darin besteht, dass diese personenbezogenen Daten verwendet werden, um bestimmte pers\u00f6nliche Aspekte, die sich auf eine nat\u00fcrliche Person beziehen, zu bewerten, insbesondere, um Aspekte bez\u00fcglich Arbeitsleistung, wirtschaftlicher Lage, Gesundheit, pers\u00f6nlicher Vorlieben, Interessen, Zuverl\u00e4ssigkeit, Verhalten, Aufenthaltsort oder Ortswechsel dieser nat\u00fcrlichen Person zu analysieren oder vorherzusagen.<\/p><\/div><\/div><div class=\"elementor-element elementor-element-5fe2b46 elementor-widget elementor-widget-text-editor\" data-id=\"5fe2b46\" data-element_type=\"widget\" data-widget_type=\"text-editor.default\"><div class=\"elementor-widget-container\"><p><strong>f) Pseudonymisierung<\/strong><\/p><p>Pseudonymisierung ist die Verarbeitung personenbezogener Daten in einer Weise, auf welche die personenbezogenen Daten ohne Hinzuziehung zus\u00e4tzlicher Informationen nicht mehr einer spezifischen betroffenen Person zugeordnet werden k\u00f6nnen, sofern diese zus\u00e4tzlichen Informationen gesondert aufbewahrt werden und technischen und organisatorischen Ma\u00dfnahmen unterliegen, die gew\u00e4hrleisten, dass die personenbezogenen Daten nicht einer identifizierten oder identifizierbaren nat\u00fcrlichen Person zugewiesen werden.<\/p><p>\u00a0<\/p><p><strong>g) Verantwortlicher oder f\u00fcr die Verarbeitung Verantwortlicher<\/strong><\/p><p>Verantwortlicher oder f\u00fcr die Verarbeitung Verantwortlicher ist die nat\u00fcrliche oder juristische Person, Beh\u00f6rde, Einrichtung oder andere Stelle, die allein oder gemeinsam mit anderen \u00fcber die Zwecke und Mittel der Verarbeitung von personenbezogenen Daten entscheidet. Sind die Zwecke und Mittel dieser Verarbeitung durch das Unionsrecht oder das Recht der Mitgliedstaaten vorgegeben, so kann der Verantwortliche beziehungsweise k\u00f6nnen die bestimmten Kriterien seiner Benennung nach dem Unionsrecht oder dem Recht der Mitgliedstaaten vorgesehen werden.<\/p><p>\u00a0<\/p><p><strong>h) Auftragsverarbeiter<\/strong><\/p><p>Auftragsverarbeiter ist eine nat\u00fcrliche oder juristische Person, Beh\u00f6rde, Einrichtung oder andere Stelle, die personenbezogene Daten im Auftrag des Verantwortlichen verarbeitet.<\/p><p>\u00a0<\/p><p><strong>i) Empf\u00e4nger<\/strong><\/p><p>Empf\u00e4nger ist eine nat\u00fcrliche oder juristische Person, Beh\u00f6rde, Einrichtung oder andere Stelle, der personenbezogene Daten offengelegt werden, unabh\u00e4ngig davon, ob es sich bei ihr um einen Dritten handelt oder nicht. Beh\u00f6rden, die im Rahmen eines bestimmten Untersuchungsauftrags nach dem Unionsrecht oder dem Recht der Mitgliedstaaten m\u00f6glicherweise personenbezogene Daten erhalten, gelten jedoch nicht als Empf\u00e4nger.<\/p><p>\u00a0<\/p><p><strong>j) Dritte<\/strong><\/p><p>Dritte sind nat\u00fcrliche oder juristische Personen, Beh\u00f6rden, Einrichtungen oder andere Stellen au\u00dfer der betroffenen Person, dem Verantwortlichen, dem Auftragsverarbeiter und den Personen, die unter der unmittelbaren Verantwortung des Verantwortlichen oder des Auftragsverarbeiters befugt sind, die personenbezogenen Daten zu verarbeiten.<\/p><p>\u00a0<\/p><p><strong>k) Einwilligung<\/strong><\/p><p>Einwilligung ist jede von der betroffenen Person freiwillig f\u00fcr den bestimmten Fall in informierter Weise und unmissverst\u00e4ndlich abgegebene Willensbekundung in Form einer Erkl\u00e4rung oder einer sonstigen eindeutigen best\u00e4tigenden Handlung, mit der die betroffene Person zu verstehen gibt, dass sie mit der Verarbeitung der sie betreffenden personenbezogenen Daten einverstanden ist.<\/p><\/div><div class=\"elementor-element elementor-element-737560a elementor-widget elementor-widget-litho-heading\" data-id=\"737560a\" data-element_type=\"widget\" data-widget_type=\"litho-heading.default\"><div class=\"elementor-widget-container\"><h2 class=\"litho-heading elementor-size-default\"><span class=\"litho-primary-title\">Rechtliche Informationen<\/span><\/h2><\/div><\/div><div class=\"elementor-element elementor-element-a90c6e9 elementor-widget elementor-widget-text-editor\" data-id=\"a90c6e9\" data-element_type=\"widget\" data-widget_type=\"text-editor.default\"><div class=\"elementor-widget-container\"><p><strong>Die Rechtsgrundlage<\/strong><\/p><p>Die Datenschutz-Grundverordnung (DS-GVO) sch\u00fctzt personenbezogene Daten nat\u00fcrlicher Personen. Daten juristischer Personen unterliegen diesem Schutz nicht. Personenbezogene Daten sind Einzelangaben \u00fcber pers\u00f6nliche oder sachliche Verh\u00e4ltnisse, die Ihrer Person zugeordnet werden k\u00f6nnen (zum Beispiel Ihr Name in Verbindung mit Ihrer Telefonnummer oder Ihrer E-Mail-Adresse). Informationen, die nicht direkt mit Ihrer tats\u00e4chlichen Identit\u00e4t in Verbindung gebracht werden k\u00f6nnen (wie zum Beispiel die Ihnen angezeigten Artikel auf einer Webseite), fallen nicht darunter.<\/p><p>\u00a0<\/p><p><strong>Geltungsbereich<\/strong><\/p><p>Diese Datenschutzerkl\u00e4rung kl\u00e4rt Nutzer \u00fcber die Art, den Umfang und Zwecke der Erhebung und Verwendung personenbezogener Daten durch den verantwortlichen Anbieter Pro Metall Blechverarbeitung GmbH, Karl-Bold-Str. 38, 77855 Achern Deutschland auf dieser Website (im Folgenden \u201cAngebot\u201d) auf.<\/p><p>\u00a0<\/p><p><strong>Ihre Daten werden gesch\u00fctzt<\/strong><\/p><p>Personenbezogene Daten sind Informationen zu Ihrer Identit\u00e4t. Hierunter fallen zum Beispiel Angaben wie Name, Adresse, Telefonnummer, E-Mail-Adresse. F\u00fcr die Nutzung unserer Internetseite ist es nicht erforderlich, dass Sie personenbezogene Daten preisgeben m\u00fcssen. In bestimmten F\u00e4llen ben\u00f6tigen wir jedoch Ihren Namen und Ihre E-Mail-Adresse sowie weitere Angaben, damit wir die gew\u00fcnschten Dienstleistungen erbringen k\u00f6nnen.<\/p><p>Gleiches gilt beispielsweise f\u00fcr die Zusendung von Informationsmaterial oder f\u00fcr die Beantwortung individueller Fragen. Wenn dies erforderlich ist, weisen wir Sie entsprechend darauf hin.<\/p><p>Sofern Sie Service-Leistungen in Anspruch nehmen, werden nur solche Daten erhoben, die wir f\u00fcr die Erbringung der jeweiligen Leistung ben\u00f6tigen. Die Verarbeitung dieser Daten erfolgt ausschlie\u00dflich zur Erf\u00fcllung des nachgefragten Services.<\/p><p>Soweit wir Sie um weitergehende Daten bitten, handelt es sich um freiwillige Informationen.<\/p><p>Eine Weitergabe Ihrer personenbezogenen Daten an Dritte erfolgt nicht ohne Ihre notwendige Einwilligung.<\/p><p>\u00a0<\/p><p><strong>Nicht personenbezogene Daten, die automatisch erfasst werden<\/strong><\/p><p>Bei der Nutzung unserer Internetseiten werden aus organisatorischen und technischen Gr\u00fcnden folgende Daten gespeichert: die Namen der aufgerufenen Seiten, des verwendeten Browsers und des Betriebssystems, Datum und Uhrzeit des Zugangs, verwendete Suchmaschinen, Namen heruntergeladener Dateien und Ihre IP-Adresse.<\/p><p>Wir werten diese technischen Daten\u00a0<strong>anonym<\/strong>\u00a0und lediglich zu statistischen Zwecken aus, um unseren Internetauftritt st\u00e4ndig weiter optimieren und unsere Internetangebote noch attraktiver gestalten zu k\u00f6nnen. Diese anonymen Daten werden getrennt von personenbezogenen Informationen auf gesicherten Systemen gespeichert und lassen keine R\u00fcckschl\u00fcsse auf eine individuelle Person zu. Ihre personenbezogenen Daten und Ihre Privatsph\u00e4re sind also jederzeit gesch\u00fctzt.<\/p><\/div><\/div><div class=\"elementor-element elementor-element-34933c4 elementor-widget elementor-widget-text-editor\" data-id=\"34933c4\" data-element_type=\"widget\" data-widget_type=\"text-editor.default\"><div class=\"elementor-widget-container\">\u00a0<\/div><\/div><div class=\"elementor-element elementor-element-76c0ae4 elementor-widget elementor-widget-litho-heading\" data-id=\"76c0ae4\" data-element_type=\"widget\" data-widget_type=\"litho-heading.default\"><div class=\"elementor-widget-container\"><h2 class=\"litho-heading elementor-size-default\"><span class=\"litho-primary-title\">Weitere Datenschutzbestimmungen<\/span><\/h2><\/div><\/div><div class=\"elementor-element elementor-element-b02289c elementor-widget elementor-widget-text-editor\" data-id=\"b02289c\" data-element_type=\"widget\" data-widget_type=\"text-editor.default\"><div class=\"elementor-widget-container\"><p><strong>Cookies<\/strong><\/p><p>Wir verwenden an verschiedenen Stellen unserer Webseite sogenannte \u201eCookies\u201c. Cookies sind kleine Textdateien, die vom Webbrowser auf Ihrem Computer oder Mobilger\u00e4t gespeichert werden. Cookies richten auf Ihrem Rechner keinen Schaden an und enthalten keine Viren und werden nach Ablauf automatisch gel\u00f6scht. Einige Cookies laufen ab, wenn Sie Ihre Internetsitzung beenden, andere werden f\u00fcr bestimmte Zeit gespeichert.<\/p><p>Die Cookies unserer Internetseiten erheben grunds\u00e4tzlich keinerlei personenbezogene Daten. Wir verwenden Cookies, um Ihnen den Besuch unserer Webseite zu erleichtern und Sie auf Ihre Bed\u00fcrfnisse abzustimmen. Selbstverst\u00e4ndlich k\u00f6nnen Sie unsere Webseite auch ohne Cookies betrachten. \u00dcber die Browsereinstellungen k\u00f6nnen sie deaktivieren, dass Cookies auf Ihrem Rechner gespeichert werden.<\/p><p><strong>Kontaktformular<\/strong><\/p><p>Wenn Sie uns per Kontaktformular Anfragen zukommen lassen, werden Ihre Angaben aus dem Anfrageformular inklusive der von Ihnen dort angegebenen Kontaktdaten zwecks Bearbeitung der Anfrage und f\u00fcr den Fall von Anschlussfragen bei uns gespeichert.<\/p><p>\u00a0<\/p><p><strong>Google ReCaptcha<\/strong><\/p><p>Unsere Internetseite verwendet Funktionen des Dienstes Google ReCaptcha, einen Sicherungsdienst f\u00fcr Formulare auf Internetseiten des Abieters Google Ireland Ltd, Gordon House, Barrow Street, Dublin 4, Ireland. N\u00e4here Informationen \u00fcber die Datenverarbeitung durch Google sind den Datenschutzhinweisen von Google:\u00a0<a href=\"https:\/\/www.google.com\/policies\/privacy\" target=\"_blank\" rel=\"noopener\">https:\/\/www.google.com\/policies\/privacy<\/a><\/p><p>\u00a0<\/p><p><strong>Datenschutz bei Bewerbungen und w\u00e4hrend des Bewerbungsverfahrens<\/strong><\/p><p>Wir erheben und verarbeiten personenbezogenen Daten von Bewerbern innerhalb von Bewerbungsverfahren auch auf elektronischem Weg, wenn ein Bewerber seine Bewerbungsunterlagen per E-Mail an uns \u00fcbermittelt. Schlie\u00dfen wir nach dem Bewerberverfahren einen Anstellungsvertrag mit dem Bewerber, werden die \u00fcbermittelten Daten zum Zweck des Anstellungsverh\u00e4ltnisses unter Beachtung der gesetzlichen Vorschriften gespeichert. Wird von uns kein Anstellungsvertrag mit dem Bewerber geschlossen, l\u00f6schen wir die Bewerbungsunterlagen nach zwei Monate nach Bekanntgabe der Absage, sofern einer L\u00f6schung keine sonstigen berechtigten Interessen f\u00fcr unser Unternehmen entgegenstehen, wie zum Beispiel einen Nachweis in einem Verfahren nach dem Allgemeinen Gleichbehandlungsgesetz (AGG).<\/p><p>\u00a0<\/p><p><strong>Kinder<\/strong><\/p><p>Personen unter 18 Jahren sollten ohne Zustimmung der Eltern oder Erziehungsberechtigten keine personenbezogenen Daten an uns \u00fcbermitteln. Wir fordern keine personenbezogenen Daten von Kindern und Jugendlichen an, sammeln diese nicht und geben sie nicht an Dritte weiter.<\/p><p>\u00a0<\/p><p><strong>Sicherheit<\/strong><\/p><p>Wir haben technische und organisatorische Sicherheitsma\u00dfnahmen getroffen, um Ihre personenbezogenen Daten vor Verlust, Zerst\u00f6rung, Manipulation und unberechtigten Zugriff zu sch\u00fctzen. Alle unserer Mitarbeiter und alle an der Datenverarbeitung beteiligten Dritten sind auf das Bundesdatenschutzgesetz und den vertraulichen Umgang mit personenbezogenen Daten verpflichtet.<\/p><p>Im Falle der Erhebung und Verarbeitung pers\u00f6nlicher Daten werden die Informationen in verschl\u00fcsselter Form \u00fcbertragen, um einem Missbrauch der Daten durch Dritte vorzubeugen. Unsere Sicherungsma\u00dfnahmen werden entsprechend der technologischen Entwicklung fortlaufend \u00fcberarbeitet.<\/p><p>\u00a0<\/p><p><strong>\u00c4nderung unserer Datenschutzbestimmungen<\/strong><\/p><p>Wir behalten uns das Recht vor, unsere Sicherheits- und Datenschutzma\u00dfnahmen zu ver\u00e4ndern, soweit dies wegen der technischen Entwicklung erforderlich wird. In diesen F\u00e4llen werden wir auch unsere Hinweise zum Datenschutz entsprechend anpassen. Bitte beachten Sie daher die jeweils aktuelle Version unserer Datenschutzerkl\u00e4rung.<\/p><\/div><\/div><div class=\"elementor-element elementor-element-2d8aafd elementor-widget elementor-widget-text-editor\" data-id=\"2d8aafd\" data-element_type=\"widget\" data-widget_type=\"text-editor.default\"><div class=\"elementor-widget-container\"><p><strong>Links<\/strong><\/p><p>Sofern Sie externe Links nutzen, die im Rahmen unserer Internetseiten angeboten werden, erstreckt sich diese Datenschutzerkl\u00e4rung nicht auf diese Links. Wenn wir Links anbieten, bem\u00fchen wir uns sicherzustellen, dass auch diese unserer Datenschutz- und Sicherheitsstandards einhalten. Wir haben jedoch keinen Einfluss auf die Einhaltung der Datenschutz und Sicherheitsbestimmungen durch andere Anbieter. Informieren Sie sich deshalb bitte auf den Internetseiten der anderen Anbieter auch \u00fcber die dort bereitgestellten Datenschutzerkl\u00e4rungen.<\/p><p>\u00a0<\/p><p><strong>Rechtsgrundlage der Verarbeitung<\/strong><\/p><p>Art. 6 I lit. a DS-GVO dient unserem Unternehmen als Rechtsgrundlage f\u00fcr Verarbeitungsvorg\u00e4nge, bei denen wir eine Einwilligung f\u00fcr einen bestimmten Verarbeitungszweck einholen. Ist die Verarbeitung personenbezogener Daten zur Erf\u00fcllung eines Vertrags, dessen Vertragspartei die betroffene Person ist, erforderlich, wie dies beispielsweise bei Verarbeitungsvorg\u00e4ngen der Fall ist, die f\u00fcr eine Lieferung von Waren oder die Erbringung einer sonstigen Leistung oder Gegenleistung notwendig sind, so beruht die Verarbeitung auf Art. 6 I lit. b DS-GVO. Gleiches gilt f\u00fcr solche Verarbeitungsvorg\u00e4nge die zur Durchf\u00fchrung vorvertraglicher Ma\u00dfnahmen erforderlich sind, etwa in F\u00e4llen von Anfragen zur unseren Produkten oder Leistungen. Unterliegt unser Unternehmen einer rechtlichen Verpflichtung durch welche eine Verarbeitung von personenbezogenen Daten erforderlich wird, wie beispielsweise zur Erf\u00fcllung steuerlicher Pflichten, so basiert die Verarbeitung auf Art. 6 I lit. c DS-GVO. In seltenen F\u00e4llen k\u00f6nnte die Verarbeitung von personenbezogenen Daten erforderlich werden, um lebenswichtige Interessen der betroffenen Person oder einer anderen nat\u00fcrlichen Person zu sch\u00fctzen. Dies w\u00e4re beispielsweise der Fall, wenn ein Besucher in unserem Betrieb verletzt werden w\u00fcrde und daraufhin sein Name, sein Alter, seine Krankenkassendaten oder sonstige lebenswichtige Informationen an einen Arzt, ein Krankenhaus oder sonstige Dritte weitergegeben werden m\u00fcssten. Dann w\u00fcrde die Verarbeitung auf Art. 6 I lit. d DS-GVO beruhen. Letztlich k\u00f6nnten Verarbeitungsvorg\u00e4nge auf Art. 6 I lit. f DS-GVO beruhen. Auf dieser Rechtsgrundlage basieren Verarbeitungsvorg\u00e4nge, die von keiner der vorgenannten Rechtsgrundlagen erfasst werden, wenn die Verarbeitung zur Wahrung eines berechtigten Interesses unseres Unternehmens oder eines Dritten erforderlich ist, sofern die Interessen, Grundrechte und Grundfreiheiten des Betroffenen nicht \u00fcberwiegen. Solche Verarbeitungsvorg\u00e4nge sind uns insbesondere deshalb gestattet, weil sie durch den Europ\u00e4ischen Gesetzgeber besonders erw\u00e4hnt wurden. Er vertrat insoweit die Auffassung, dass ein berechtigtes Interesse anzunehmen sein k\u00f6nnte, wenn die betroffene Person ein Kunde des Verantwortlichen ist (Erw\u00e4gungsgrund 47 Satz 2 DS-GVO).<\/p><p>\u00a0<\/p><p><strong>Berechtigte Interessen an der Verarbeitung, die von dem Verantwortlichen oder einem Dritten verfolgt werden<\/strong><\/p><p>Basiert die Verarbeitung personenbezogener Daten auf Artikel 6 I lit. f DS-GVO ist unser berechtigtes Interesse die Durchf\u00fchrung unserer Gesch\u00e4ftst\u00e4tigkeit zugunsten des Wohlergehens all unserer Mitarbeiter und unserer Anteilseigner.<\/p><p>\u00a0<\/p><p><strong>Dauer der Speicherung personenbezogener Daten<\/strong><\/p><p>F\u00fcr die Speicherung personenbezogener Daten gelten jeweilige gesetzliche Aufbewahrungsfristen. Nach Ablauf der Frist werden die entsprechenden Daten gel\u00f6scht, sofern sie nicht mehr zur Vertragserf\u00fcllung oder Vertragsanbahnung erforderlich sind. Dazu geh\u00f6ren gesetzliche oder vertragliche Vorschriften zur Bereitstellung der personenbezogenen Daten; Erforderlichkeit f\u00fcr den Vertragsabschluss; Verpflichtung der betroffenen Person, die personenbezogenen Daten bereitzustellen; m\u00f6gliche Folgen der Nichtbereitstellung<\/p><p>Wir kl\u00e4ren Sie dar\u00fcber auf, dass die Bereitstellung personenbezogener Daten zum Teil gesetzlich vorgeschrieben ist (zum Beispiel Steuervorschriften) oder sich auch aus vertraglichen Regelungen (zum Beispiel Angaben zum Vertragspartner) ergeben kann. Es kann zu einem Vertragsschluss erforderlich sein, dass eine betroffene Person uns personenbezogene Daten zur Verf\u00fcgung stellt, die in der Folge durch uns verarbeitet werden m\u00fcssen. Die betroffene Person ist beispielsweise verpflichtet, uns personenbezogene Daten bereitzustellen, wenn unser Unternehmen mit ihr einen Vertrag abschlie\u00dft. Eine Nichtbereitstellung der personenbezogenen Daten h\u00e4tte zur Folge, dass der Vertrag mit dem Betroffenen nicht geschlossen werden k\u00f6nnte. Vor einer Bereitstellung personenbezogener Daten durch den Betroffenen muss sich der Betroffene an einen unserer Mitarbeiter wenden. Unser Mitarbeiter kl\u00e4rt den Betroffenen einzelfallbezogen dar\u00fcber auf, ob die Bereitstellung der personenbezogenen Daten gesetzlich oder vertraglich vorgeschrieben oder f\u00fcr den Vertragsabschluss erforderlich ist, ob eine Verpflichtung besteht, die personenbezogenen Daten bereitzustellen, und welche Folgen die Nichtbereitstellung der personenbezogenen Daten h\u00e4tte.<\/p><p><strong>Bestehen einer automatisierten Entscheidungsfindung<\/strong><\/p><p>Auf unserer Internetseite wird kein Profiling oder eine automatische Entscheidungsfindung eingesetzt.<\/p><p>\u00a0<\/p><p><strong>Recht auf Auskunft, L\u00f6schung, Sperrung sowie Widerspruchsrecht<\/strong><\/p><p>Sie haben jederzeit nach Art. 15 bis 18 DS-GVO das Recht auf unentgeltliche Auskunft \u00fcber Ihre gespeicherten personenbezogenen Daten, deren Herkunft und Empf\u00e4nger und den Zweck der Datenverarbeitung sowie ein Recht auf Berichtigung, Sperrung oder L\u00f6schung dieser Daten. Hierzu sowie zu weiteren Fragen zum Thema personenbezogene Daten k\u00f6nnen Sie sich jederzeit unter der im Impressum angegebenen Adresse an uns wenden. Weiterhin k\u00f6nnen Sie jederzeit Ihre Zustimmung zur Erhebung und Speicherung Ihrer personenbezogenen Daten widerrufen. Wenden Sie sich in allen F\u00e4llen bitte an:<\/p><p class=\"schriftgross\"><strong>Pro Metall<\/strong><br \/><strong>Blechverarbeitung GmbH<\/strong><\/p><p>Karl-Bold-Str. 38<br \/>D-77855 Achern<\/p><p>Telefon:+49(0)7841-6935-0<\/p><p>oder senden Sie eine E-Mail an:<br \/><a href=\"mailto:kontakt@prometall.de\">kontakt@prometall.de<\/a><\/p><\/div><\/div><\/div><\/div><\/div><\/div><\/div><\/section><\/div><\/div><\/div><\/section>\t\t\t\t\t\t\t\t<\/div>\n\t\t\t\t<\/div>\n\t\t\t\t<\/div>\n\t\t\t\t\t<\/div>\n\t\t\t\t<\/div>\n\t\t\t\t<\/div>\n\t\t","protected":false},"excerpt":{"rendered":"<p>Stand 15.05.2025 \u00a0 Datenschutz auf einen Blick Wir freuen uns sehr \u00fcber Ihr Interesse an unserem Unternehmen. Datenschutz hat einen besonders hohen Stellenwert f\u00fcr die Gesch\u00e4ftsleitung der Pro Metall Blechverarbeitung GmbH (Im folgenden Pro Metall). Eine Nutzung der Internetseiten der Pro Metall ist grunds\u00e4tzlich ohne jede Angabe personenbezogener Daten m\u00f6glich. Sofern eine betroffene Person besondere&#8230;<\/p>\n","protected":false},"author":1,"featured_media":0,"parent":0,"menu_order":0,"comment_status":"closed","ping_status":"closed","template":"elementor_header_footer","meta":{"footnotes":""},"class_list":["post-29682","page","type-page","status-publish","hentry"],"_links":{"self":[{"href":"https:\/\/prometall.de\/index.php\/wp-json\/wp\/v2\/pages\/29682","targetHints":{"allow":["GET"]}}],"collection":[{"href":"https:\/\/prometall.de\/index.php\/wp-json\/wp\/v2\/pages"}],"about":[{"href":"https:\/\/prometall.de\/index.php\/wp-json\/wp\/v2\/types\/page"}],"author":[{"embeddable":true,"href":"https:\/\/prometall.de\/index.php\/wp-json\/wp\/v2\/users\/1"}],"replies":[{"embeddable":true,"href":"https:\/\/prometall.de\/index.php\/wp-json\/wp\/v2\/comments?post=29682"}],"version-history":[{"count":4,"href":"https:\/\/prometall.de\/index.php\/wp-json\/wp\/v2\/pages\/29682\/revisions"}],"predecessor-version":[{"id":29687,"href":"https:\/\/prometall.de\/index.php\/wp-json\/wp\/v2\/pages\/29682\/revisions\/29687"}],"wp:attachment":[{"href":"https:\/\/prometall.de\/index.php\/wp-json\/wp\/v2\/media?parent=29682"}],"curies":[{"name":"wp","href":"https:\/\/api.w.org\/{rel}","templated":true}]}}